{"id":3442,"date":"2022-06-22T16:12:19","date_gmt":"2022-06-22T19:12:19","guid":{"rendered":"http:\/\/192.9.200.18\/wordpress\/?page_id=3442"},"modified":"2026-03-06T12:42:15","modified_gmt":"2026-03-06T15:42:15","slug":"delegaciones","status":"publish","type":"page","link":"https:\/\/www.sosunc.org.ar\/web\/?page_id=3442","title":{"rendered":"Delegaciones"},"content":{"rendered":"\n<figure class=\"wp-block-image size-large\"><img loading=\"lazy\" decoding=\"async\" width=\"1024\" height=\"646\" src=\"\/web\/wp-content\/uploads\/2025\/09\/Delegaciones-portada-1024x646.png\" alt=\"\" class=\"wp-image-9571\" srcset=\"http:\/\/192.9.200.18\/wordpress\/wp-content\/uploads\/2025\/09\/Delegaciones-portada-1024x646.png 1024w, http:\/\/192.9.200.18\/wordpress\/wp-content\/uploads\/2025\/09\/Delegaciones-portada-300x189.png 300w, http:\/\/192.9.200.18\/wordpress\/wp-content\/uploads\/2025\/09\/Delegaciones-portada-768x485.png 768w, http:\/\/192.9.200.18\/wordpress\/wp-content\/uploads\/2025\/09\/Delegaciones-portada.png 1333w\" sizes=\"auto, (max-width: 1024px) 100vw, 1024px\" \/><\/figure>\n\n\n\n<p class=\"has-white-color has-text-color has-link-color wp-elements-c645e628e62f8fbab9d9726851472d16\"><\/p>\n\n\n\n<p>SOSUNC cuenta con 10 delegaciones distribuidas en las provincias de R\u00edo Negro y Neuqu\u00e9n para la atenci\u00f3n de los afiliados y afiliadas de las distintas unidades acad\u00e9micas de la UNCo..<\/p>\n\n\n\n<div class=\"wp-block-coblocks-accordion\">\n<div class=\"wp-block-coblocks-accordion-item\"><details><summary class=\"wp-block-coblocks-accordion-item__title has-background has-text-color has-black-color\" style=\"background-color:#c1d9fe\"><strong>Bariloche<\/strong><\/summary><div class=\"wp-block-coblocks-accordion-item__content\" style=\"border-color:#c1d9fe\">\n<p>Atenci\u00f3n presencial de lunes a viernes, de 8 a 14. Atenci\u00f3n virtual los mismos d\u00edas, de 8 a 15.<br>Ubicaci\u00f3n:<a href=\"https:\/\/goo.gl\/maps\/fuBWjZzmitxjcShW8\" target=\"_blank\" rel=\"noreferrer noopener\"> Pasaje Guti\u00e9rrez 1262<\/a> <br>Whatsapp:<a href=\"tel:2944598208\" target=\"_blank\" rel=\"noreferrer noopener\"> 2944598208<\/a> <br>Correo Electr\u00f3nico:<a href=\"bariloche@sosunc.org.ar\" target=\"_blank\" rel=\"noreferrer noopener\"> bariloche@sosunc.org.ar<\/a><\/p>\n<\/div><\/details><\/div>\n\n\n\n<div class=\"wp-block-coblocks-accordion-item\"><details><summary class=\"wp-block-coblocks-accordion-item__title has-background has-text-color has-black-color\" style=\"background-color:#c1d9fe\"><strong>San Mart\u00edn de los Andes<\/strong><\/summary><div class=\"wp-block-coblocks-accordion-item__content\" style=\"border-color:#c1d9fe\">\n<p>Atenci\u00f3n presencial de lunes a viernes, de 8 a 14. Atenci\u00f3n virtual los mismos d\u00edas, de 8 a 15. <br>Ubicaci\u00f3n: <a href=\"https:\/\/goo.gl\/maps\/JCsWYn9dNMsf1Xox8\" target=\"_blank\" rel=\"noreferrer noopener\">Pasaje de la Paz 235<\/a><br>Whatsapp:<a href=\"tel:2944315569\" target=\"_blank\" rel=\"noreferrer noopener\"> 2944315569<\/a> <br>Correo electr\u00f3nico: <a href=\"mailto:san.martin@sosunc.org.ar\" target=\"_blank\" rel=\"noreferrer noopener\">san.martin@sosunc.org.ar<\/a><\/p>\n<\/div><\/details><\/div>\n\n\n\n<div class=\"wp-block-coblocks-accordion-item\"><details><summary class=\"wp-block-coblocks-accordion-item__title has-background has-text-color has-black-color\" style=\"background-color:#c1d9fe\"><strong>Zapala<\/strong><\/summary><div class=\"wp-block-coblocks-accordion-item__content\" style=\"border-color:#c1d9fe\">\n<p>Atenci\u00f3n presencial y virtual de lunes a viernes, de 15 a 19.<br>Ubicaci\u00f3n:<a href=\"https:\/\/goo.gl\/maps\/QGS9JjCaudutxKMg6\" target=\"_blank\" rel=\"noreferrer noopener\"> Avenida 12 de Julio y Rahue<\/a> <br>Whatsapp: 2942488027<br> Correo Electr\u00f3nico: <a href=\"mailto:zapala@sosunc.org.ar\" target=\"_blank\" rel=\"noreferrer noopener\">zapala@sosunc.org.ar<\/a><\/p>\n<\/div><\/details><\/div>\n\n\n\n<div class=\"wp-block-coblocks-accordion-item\"><details><summary class=\"wp-block-coblocks-accordion-item__title has-background has-text-color has-black-color\" style=\"background-color:#c1d9fe\"><strong>Neuqu\u00e9n capital<\/strong> &#8211;  (sede central)<\/summary><div class=\"wp-block-coblocks-accordion-item__content\" style=\"border-color:#c1d9fe\">\n<p>Atenci\u00f3n presencial de lunes a viernes, de 8 a 14. Atenci\u00f3n virtual los mismos d\u00edas, de 8 a 15. <br>Ubicaci\u00f3n: <a href=\"https:\/\/goo.gl\/maps\/HTmrURKJ1ND3wqmG6\" target=\"_blank\" rel=\"noreferrer noopener\">Avenida Argentina 1273 <\/a><br>Whatsapp: <a href=\"tel:2994383704\" target=\"_blank\" rel=\"noreferrer noopener\">2994383704<\/a> (s<em>\u00f3lo para afiliados\/as de la ciudad de Neuqu\u00e9n<\/em>)<br>Correo Electr\u00f3nico: <a href=\"mailto:neuquen@sosunc.net.ar\" target=\"_blank\" rel=\"noreferrer noopener\">neuquen@sosunc.net.ar<\/a>&nbsp;<\/p>\n<\/div><\/details><\/div>\n\n\n\n<div class=\"wp-block-coblocks-accordion-item\"><details><summary class=\"wp-block-coblocks-accordion-item__title has-background has-text-color has-black-color\" style=\"background-color:#c1d9fe\"><strong>Cinco Saltos<\/strong><\/summary><div class=\"wp-block-coblocks-accordion-item__content\" style=\"border-color:#c1d9fe\">\n<p>Atenci\u00f3n presencial todos los mi\u00e9rcoles, de 8 a 14. Atenci\u00f3n virtual de lunes a viernes, de 8 a 15.<br>Ubicaci\u00f3n: <a href=\"https:\/\/www.google.com.ar\/maps\/place\/Facultad+de+Ciencias+Agrarias\/@-38.8503466,-68.0751684,14.88z\/data=!4m5!3m4!1s0x960a35f4ed593f1d:0x5eb6ecea769fab0a!8m2!3d-38.8458519!4d-68.0675506\" target=\"_blank\" rel=\"noreferrer noopener\">Ruta 151, kil\u00f3metro 12,5<\/a> (<em>edificio de Econom\u00eda y Extensi\u00f3n Rural de la Facultad de Ciencias Agrarias<\/em>).<br>Whatsapp: <a href=\"tel:2994383735\" target=\"_blank\" rel=\"noreferrer noopener\">2994383735<\/a><br>Correo Electr\u00f3nico: <a href=\"mailto:cinco.saltos@sosunc.org.ar\" target=\"_blank\" rel=\"noreferrer noopener\">cinco.saltos@sosunc.org.ar<\/a><\/p>\n<\/div><\/details><\/div>\n\n\n\n<div class=\"wp-block-coblocks-accordion-item\"><details><summary class=\"wp-block-coblocks-accordion-item__title has-background has-text-color has-black-color\" style=\"background-color:#c1d9fe\"><strong>Cipolletti<\/strong><\/summary><div class=\"wp-block-coblocks-accordion-item__content\" style=\"border-color:#c1d9fe\">\n<p>Atenci\u00f3n presencial de lunes a viernes, de 8 a 14. Atenci\u00f3n virtual los mismos d\u00edas, de 8 a 15. <br>Ubicaci\u00f3n: <a href=\"https:\/\/maps.app.goo.gl\/tStLd9F6zcdyu8rKA\" target=\"_blank\" rel=\"noreferrer noopener\">Casa Peuser, H. Yrigoyen 2000 (FACEP) <\/a><br>Whatsapp: <a href=\"tel:2994383715\" target=\"_blank\" rel=\"noreferrer noopener\">2994383715<\/a> <br>Correo Electr\u00f3nico: <a href=\"mailto:cipolletti@sosunc.org.ar\" target=\"_blank\" rel=\"noreferrer noopener\">cipolletti@sosunc.org.ar<\/a><\/p>\n<\/div><\/details><\/div>\n\n\n\n<div class=\"wp-block-coblocks-accordion-item\"><details><summary class=\"wp-block-coblocks-accordion-item__title has-background has-text-color has-black-color\" style=\"background-color:#c1d9fe\"><strong>General Roca<\/strong><\/summary><div class=\"wp-block-coblocks-accordion-item__content\" style=\"border-color:#c1d9fe\">\n<p>Atenci\u00f3n presencial de lunes a viernes, de 8 a 14. Atenci\u00f3n virtual los mismos d\u00edas, de 8 a 15. <br>Ubicaci\u00f3n: <a href=\"https:\/\/maps.app.goo.gl\/Bvkk4RHwXDo2cKn48\" target=\"_blank\" rel=\"noreferrer noopener\">Av. Mendoza 2151<\/a><br>Whatsapp: <a href=\"tel:2984669898\" target=\"_blank\" rel=\"noreferrer noopener\">2984669898<\/a><br>Correo Electr\u00f3nico: <a href=\"mailto:cipolletti@sosunc.org.ar\" target=\"_blank\" rel=\"noreferrer noopener\"><\/a><a href=\"mailto:roca@sosunc.org.ar\" target=\"_blank\" rel=\"noreferrer noopener\">roca@sosunc.org.ar<\/a><\/p>\n<\/div><\/details><\/div>\n\n\n\n<div class=\"wp-block-coblocks-accordion-item\"><details><summary class=\"wp-block-coblocks-accordion-item__title has-background has-text-color has-black-color\" style=\"background-color:#c1d9fe\"><strong>Villa Regina<\/strong><\/summary><div class=\"wp-block-coblocks-accordion-item__content\" style=\"border-color:#c1d9fe\">\n<p>Atenci\u00f3n presencial de lunes a viernes, de 8 a 14. Atenci\u00f3n virtual los mismos d\u00edas, de 8 a 15. <br>Ubicaci\u00f3n: <a href=\"https:\/\/goo.gl\/maps\/wFXuBMPtAWPJkpV9A\" target=\"_blank\" rel=\"noreferrer noopener\">25 de Mayo 131<\/a><br> Whatsapp: <a href=\"https:\/\/www.sosunc.org.ar\/web\/?p=1753\">2984569947<\/a> <br>Correo Electr\u00f3nico: <a href=\"mailto:villa.regina@sosunc.org.ar\" target=\"_blank\" rel=\"noreferrer noopener\">villa.regina@sosunc.org.ar<\/a><\/p>\n<\/div><\/details><\/div>\n\n\n\n<div class=\"wp-block-coblocks-accordion-item\"><details><summary class=\"wp-block-coblocks-accordion-item__title has-background has-text-color has-black-color\" style=\"background-color:#c1d9fe\"><strong>San Antonio Oeste<\/strong><\/summary><div class=\"wp-block-coblocks-accordion-item__content\" style=\"border-color:#c1d9fe\">\n<p>Atenci\u00f3n presencial de lunes a viernes, de 8 a 14. Atenci\u00f3n virtual los mismos d\u00edas, de 8 a 15.<br>Ubicaci\u00f3n:<a href=\"https:\/\/www.google.com\/maps\/search\/san+mart%C3%ADn+247+cerca+de+San+Antonio+Oeste,+R%C3%ADo+Negro\/@-40.7357682,-64.9599253,15z\/data=!3m1!4b1\" target=\"_blank\" rel=\"noreferrer noopener\"> San Mart\u00edn 247<\/a> <br>Whatsapp:<a href=\"tel:2934411301\" target=\"_blank\" rel=\"noreferrer noopener\"> 2934411301<\/a> <br>Correo Electr\u00f3nico: <a href=\"mailto:san.antonio.oeste@sosunc.org.ar\" target=\"_blank\" rel=\"noreferrer noopener\">san.antonio.oeste@sosunc.org.ar<\/a><\/p>\n<\/div><\/details><\/div>\n\n\n\n<div class=\"wp-block-coblocks-accordion-item\"><details><summary class=\"wp-block-coblocks-accordion-item__title has-background has-text-color has-black-color\" style=\"background-color:#c1d9fe\"><strong>Viedma<\/strong><\/summary><div class=\"wp-block-coblocks-accordion-item__content\" style=\"border-color:#c1d9fe\">\n<p>Atenci\u00f3n presencial de lunes a viernes, de 8 a 14. Atenci\u00f3n virtual los mismos d\u00edas, de 8 a 15.<br>Ubicaci\u00f3n:<a href=\"https:\/\/goo.gl\/maps\/gr7nEYrnEAGCh8ds9\" target=\"_blank\" rel=\"noreferrer noopener\"> Monse\u00f1or Esandi, esquina Ayacucho<\/a> <br>Whatsapp: <a href=\"tel:2920484330\" target=\"_blank\" rel=\"noreferrer noopener\">2920484330<\/a><br> Correo Electr\u00f3nico: <a href=\"mailto:viedma@sosunc.org.ar\" target=\"_blank\" rel=\"noreferrer noopener\">viedma@sosunc.org.ar<\/a><\/p>\n<\/div><\/details><\/div>\n<\/div>\n","protected":false},"excerpt":{"rendered":"<p>SOSUNC cuenta con 10 delegaciones distribuidas en las provincias de R\u00edo Negro y Neuqu\u00e9n para la atenci\u00f3n de los afiliados y afiliadas de las distintas unidades acad\u00e9micas de la UNCo..<\/p>\n","protected":false},"author":1,"featured_media":0,"parent":0,"menu_order":0,"comment_status":"closed","ping_status":"closed","template":"","meta":{"_coblocks_attr":"","_coblocks_dimensions":"","_coblocks_responsive_height":"","_coblocks_accordion_ie_support":"","footnotes":""},"class_list":["post-3442","page","type-page","status-publish","hentry"],"yoast_head":"<!-- This site is optimized with the Yoast SEO plugin v26.5 - https:\/\/yoast.com\/wordpress\/plugins\/seo\/ -->\n<title>Delegaciones - SOSUNC<\/title>\n<meta name=\"robots\" content=\"index, follow, max-snippet:-1, max-image-preview:large, max-video-preview:-1\" \/>\n<link rel=\"canonical\" href=\"https:\/\/www.sosunc.org.ar\/web\/?page_id=3442\" \/>\n<meta property=\"og:locale\" content=\"es_ES\" \/>\n<meta property=\"og:type\" content=\"article\" \/>\n<meta property=\"og:title\" content=\"Delegaciones - SOSUNC\" \/>\n<meta property=\"og:description\" content=\"SOSUNC cuenta con 10 delegaciones distribuidas en las provincias de R\u00edo Negro y Neuqu\u00e9n para la atenci\u00f3n de los afiliados y afiliadas de las distintas unidades acad\u00e9micas de la UNCo..\" \/>\n<meta property=\"og:url\" content=\"https:\/\/www.sosunc.org.ar\/web\/?page_id=3442\" \/>\n<meta property=\"og:site_name\" content=\"SOSUNC\" \/>\n<meta property=\"article:publisher\" content=\"https:\/\/www.facebook.com\/sosunc.unco\" \/>\n<meta property=\"article:modified_time\" content=\"2026-03-06T15:42:15+00:00\" \/>\n<meta property=\"og:image\" content=\"https:\/\/192.9.200.18\/wordpress\/wp-content\/uploads\/2022\/06\/logososunc.png\" \/>\n\t<meta property=\"og:image:width\" content=\"333\" \/>\n\t<meta property=\"og:image:height\" content=\"333\" \/>\n\t<meta property=\"og:image:type\" content=\"image\/png\" \/>\n<meta name=\"twitter:card\" content=\"summary_large_image\" \/>\n<meta name=\"twitter:label1\" content=\"Tiempo de lectura\" \/>\n\t<meta name=\"twitter:data1\" content=\"2 minutos\" \/>\n<script type=\"application\/ld+json\" class=\"yoast-schema-graph\">{\"@context\":\"https:\/\/schema.org\",\"@graph\":[{\"@type\":\"WebPage\",\"@id\":\"https:\/\/www.sosunc.org.ar\/web\/?page_id=3442\",\"url\":\"https:\/\/www.sosunc.org.ar\/web\/?page_id=3442\",\"name\":\"Delegaciones - SOSUNC\",\"isPartOf\":{\"@id\":\"https:\/\/www.sosunc.org.ar\/web\/#website\"},\"datePublished\":\"2022-06-22T19:12:19+00:00\",\"dateModified\":\"2026-03-06T15:42:15+00:00\",\"breadcrumb\":{\"@id\":\"https:\/\/www.sosunc.org.ar\/web\/?page_id=3442#breadcrumb\"},\"inLanguage\":\"es-AR\",\"potentialAction\":[{\"@type\":\"ReadAction\",\"target\":[\"https:\/\/www.sosunc.org.ar\/web\/?page_id=3442\"]}]},{\"@type\":\"BreadcrumbList\",\"@id\":\"https:\/\/www.sosunc.org.ar\/web\/?page_id=3442#breadcrumb\",\"itemListElement\":[{\"@type\":\"ListItem\",\"position\":1,\"name\":\"Inicio\",\"item\":\"https:\/\/www.sosunc.org.ar\/web\/\"},{\"@type\":\"ListItem\",\"position\":2,\"name\":\"Delegaciones\"}]},{\"@type\":\"WebSite\",\"@id\":\"https:\/\/www.sosunc.org.ar\/web\/#website\",\"url\":\"https:\/\/www.sosunc.org.ar\/web\/\",\"name\":\"SOSUNC\",\"description\":\"Servicio de Obra Social de la Universidad Nacional del Comahue\",\"publisher\":{\"@id\":\"https:\/\/www.sosunc.org.ar\/web\/#organization\"},\"potentialAction\":[{\"@type\":\"SearchAction\",\"target\":{\"@type\":\"EntryPoint\",\"urlTemplate\":\"https:\/\/www.sosunc.org.ar\/web\/?s={search_term_string}\"},\"query-input\":{\"@type\":\"PropertyValueSpecification\",\"valueRequired\":true,\"valueName\":\"search_term_string\"}}],\"inLanguage\":\"es-AR\"},{\"@type\":\"Organization\",\"@id\":\"https:\/\/www.sosunc.org.ar\/web\/#organization\",\"name\":\"Servicio de Obra Social Universidad Nacional del Comahue\",\"url\":\"https:\/\/www.sosunc.org.ar\/web\/\",\"logo\":{\"@type\":\"ImageObject\",\"inLanguage\":\"es-AR\",\"@id\":\"https:\/\/www.sosunc.org.ar\/web\/#\/schema\/logo\/image\/\",\"url\":\"https:\/\/192.9.200.18\/wordpress\/wp-content\/uploads\/2022\/06\/logososunc.png\",\"contentUrl\":\"https:\/\/192.9.200.18\/wordpress\/wp-content\/uploads\/2022\/06\/logososunc.png\",\"width\":333,\"height\":333,\"caption\":\"Servicio de Obra Social Universidad Nacional del Comahue\"},\"image\":{\"@id\":\"https:\/\/www.sosunc.org.ar\/web\/#\/schema\/logo\/image\/\"},\"sameAs\":[\"https:\/\/www.facebook.com\/sosunc.unco\"]}]}<\/script>\n<!-- \/ Yoast SEO plugin. -->","yoast_head_json":{"title":"Delegaciones - SOSUNC","robots":{"index":"index","follow":"follow","max-snippet":"max-snippet:-1","max-image-preview":"max-image-preview:large","max-video-preview":"max-video-preview:-1"},"canonical":"https:\/\/www.sosunc.org.ar\/web\/?page_id=3442","og_locale":"es_ES","og_type":"article","og_title":"Delegaciones - SOSUNC","og_description":"SOSUNC cuenta con 10 delegaciones distribuidas en las provincias de R\u00edo Negro y Neuqu\u00e9n para la atenci\u00f3n de los afiliados y afiliadas de las distintas unidades acad\u00e9micas de la UNCo..","og_url":"https:\/\/www.sosunc.org.ar\/web\/?page_id=3442","og_site_name":"SOSUNC","article_publisher":"https:\/\/www.facebook.com\/sosunc.unco","article_modified_time":"2026-03-06T15:42:15+00:00","og_image":[{"width":333,"height":333,"url":"https:\/\/192.9.200.18\/wordpress\/wp-content\/uploads\/2022\/06\/logososunc.png","type":"image\/png"}],"twitter_card":"summary_large_image","twitter_misc":{"Tiempo de lectura":"2 minutos"},"schema":{"@context":"https:\/\/schema.org","@graph":[{"@type":"WebPage","@id":"https:\/\/www.sosunc.org.ar\/web\/?page_id=3442","url":"https:\/\/www.sosunc.org.ar\/web\/?page_id=3442","name":"Delegaciones - SOSUNC","isPartOf":{"@id":"https:\/\/www.sosunc.org.ar\/web\/#website"},"datePublished":"2022-06-22T19:12:19+00:00","dateModified":"2026-03-06T15:42:15+00:00","breadcrumb":{"@id":"https:\/\/www.sosunc.org.ar\/web\/?page_id=3442#breadcrumb"},"inLanguage":"es-AR","potentialAction":[{"@type":"ReadAction","target":["https:\/\/www.sosunc.org.ar\/web\/?page_id=3442"]}]},{"@type":"BreadcrumbList","@id":"https:\/\/www.sosunc.org.ar\/web\/?page_id=3442#breadcrumb","itemListElement":[{"@type":"ListItem","position":1,"name":"Inicio","item":"https:\/\/www.sosunc.org.ar\/web\/"},{"@type":"ListItem","position":2,"name":"Delegaciones"}]},{"@type":"WebSite","@id":"https:\/\/www.sosunc.org.ar\/web\/#website","url":"https:\/\/www.sosunc.org.ar\/web\/","name":"SOSUNC","description":"Servicio de Obra Social de la Universidad Nacional del Comahue","publisher":{"@id":"https:\/\/www.sosunc.org.ar\/web\/#organization"},"potentialAction":[{"@type":"SearchAction","target":{"@type":"EntryPoint","urlTemplate":"https:\/\/www.sosunc.org.ar\/web\/?s={search_term_string}"},"query-input":{"@type":"PropertyValueSpecification","valueRequired":true,"valueName":"search_term_string"}}],"inLanguage":"es-AR"},{"@type":"Organization","@id":"https:\/\/www.sosunc.org.ar\/web\/#organization","name":"Servicio de Obra Social Universidad Nacional del Comahue","url":"https:\/\/www.sosunc.org.ar\/web\/","logo":{"@type":"ImageObject","inLanguage":"es-AR","@id":"https:\/\/www.sosunc.org.ar\/web\/#\/schema\/logo\/image\/","url":"https:\/\/192.9.200.18\/wordpress\/wp-content\/uploads\/2022\/06\/logososunc.png","contentUrl":"https:\/\/192.9.200.18\/wordpress\/wp-content\/uploads\/2022\/06\/logososunc.png","width":333,"height":333,"caption":"Servicio de Obra Social Universidad Nacional del Comahue"},"image":{"@id":"https:\/\/www.sosunc.org.ar\/web\/#\/schema\/logo\/image\/"},"sameAs":["https:\/\/www.facebook.com\/sosunc.unco"]}]}},"_links":{"self":[{"href":"https:\/\/www.sosunc.org.ar\/web\/index.php?rest_route=\/wp\/v2\/pages\/3442","targetHints":{"allow":["GET"]}}],"collection":[{"href":"https:\/\/www.sosunc.org.ar\/web\/index.php?rest_route=\/wp\/v2\/pages"}],"about":[{"href":"https:\/\/www.sosunc.org.ar\/web\/index.php?rest_route=\/wp\/v2\/types\/page"}],"author":[{"embeddable":true,"href":"https:\/\/www.sosunc.org.ar\/web\/index.php?rest_route=\/wp\/v2\/users\/1"}],"replies":[{"embeddable":true,"href":"https:\/\/www.sosunc.org.ar\/web\/index.php?rest_route=%2Fwp%2Fv2%2Fcomments&post=3442"}],"version-history":[{"count":33,"href":"https:\/\/www.sosunc.org.ar\/web\/index.php?rest_route=\/wp\/v2\/pages\/3442\/revisions"}],"predecessor-version":[{"id":10126,"href":"https:\/\/www.sosunc.org.ar\/web\/index.php?rest_route=\/wp\/v2\/pages\/3442\/revisions\/10126"}],"wp:attachment":[{"href":"https:\/\/www.sosunc.org.ar\/web\/index.php?rest_route=%2Fwp%2Fv2%2Fmedia&parent=3442"}],"curies":[{"name":"wp","href":"https:\/\/api.w.org\/{rel}","templated":true}]}}